{"id":2293,"date":"2023-09-12T14:45:54","date_gmt":"2023-09-12T12:45:54","guid":{"rendered":"https:\/\/balsetdansesdautrefois.fr\/?post_type=tribe_events&#038;p=2293"},"modified":"2023-09-12T14:45:54","modified_gmt":"2023-09-12T12:45:54","slug":"orleans-en-fete-2023","status":"publish","type":"tribe_events","link":"https:\/\/balsetdansesdautrefois.fr\/index.php\/event\/orleans-en-fete-2023\/","title":{"rendered":"Orl\u00e9ans en f\u00eate 2023"},"content":{"rendered":"<p>Le dimanche 10 septembre, quelques membres de \u00ab\u00a0Bals et Danses d &lsquo;Autrefois\u00a0\u00bb ont d\u00e9ambul\u00e9 dans Orl\u00e9ans en f\u00eate. De nombreux contacts ont \u00e9t\u00e9 pris avec les associations pr\u00e9sentes. Le premier cours d\u00e9couverte se d\u00e9roulera le samedi 23 septembre de 14h00 \u00e0 18h00 au conservatoire de Saint Jean, de la Ruelle, 29 Rue B. Million. N&rsquo;h\u00e9sitez pas \u00e0 venir nous voir&#8230;<\/p>\n","protected":false},"excerpt":{"rendered":"<p>Le dimanche 10 septembre, quelques membres de \u00ab\u00a0Bals et Danses d &lsquo;Autrefois\u00a0\u00bb ont d\u00e9ambul\u00e9 dans Orl\u00e9ans en f\u00eate. De nombreux contacts ont \u00e9t\u00e9 pris avec les associations pr\u00e9sentes. Le premier cours d\u00e9couverte se d\u00e9roulera le[&#8230;]<\/p>\n","protected":false},"author":3,"featured_media":0,"template":"","meta":{"_tribe_events_status":"","_tribe_events_status_reason":"","footnotes":""},"tags":[],"tribe_events_cat":[],"class_list":["post-2293","tribe_events","type-tribe_events","status-publish","hentry"],"yoast_head":"<!-- This site is optimized with the Yoast SEO plugin v26.5 - https:\/\/yoast.com\/wordpress\/plugins\/seo\/ -->\n<title>Orl\u00e9ans en f\u00eate 2023 - Bals et danses d&#039;autrefois ...<\/title>\n<meta name=\"robots\" content=\"index, follow, max-snippet:-1, max-image-preview:large, max-video-preview:-1\" \/>\n<link rel=\"canonical\" href=\"https:\/\/balsetdansesdautrefois.fr\/index.php\/event\/orleans-en-fete-2023\/\" \/>\n<meta property=\"og:locale\" content=\"fr_FR\" \/>\n<meta property=\"og:type\" content=\"article\" \/>\n<meta property=\"og:title\" content=\"Orl\u00e9ans en f\u00eate 2023 - Bals et danses d&#039;autrefois ...\" \/>\n<meta property=\"og:description\" content=\"Le dimanche 10 septembre, quelques membres de \u00ab\u00a0Bals et Danses d &lsquo;Autrefois\u00a0\u00bb ont d\u00e9ambul\u00e9 dans Orl\u00e9ans en f\u00eate. De nombreux contacts ont \u00e9t\u00e9 pris avec les associations pr\u00e9sentes. Le premier cours d\u00e9couverte se d\u00e9roulera le[...]\" \/>\n<meta property=\"og:url\" content=\"https:\/\/balsetdansesdautrefois.fr\/index.php\/event\/orleans-en-fete-2023\/\" \/>\n<meta property=\"og:site_name\" content=\"Bals et danses d&#039;autrefois ...\" \/>\n<meta name=\"twitter:card\" content=\"summary_large_image\" \/>\n<script type=\"application\/ld+json\" class=\"yoast-schema-graph\">{\"@context\":\"https:\/\/schema.org\",\"@graph\":[{\"@type\":\"WebPage\",\"@id\":\"https:\/\/balsetdansesdautrefois.fr\/index.php\/event\/orleans-en-fete-2023\/\",\"url\":\"https:\/\/balsetdansesdautrefois.fr\/index.php\/event\/orleans-en-fete-2023\/\",\"name\":\"Orl\u00e9ans en f\u00eate 2023 - Bals et danses d&#039;autrefois ...\",\"isPartOf\":{\"@id\":\"https:\/\/balsetdansesdautrefois.fr\/#website\"},\"datePublished\":\"2023-09-12T12:45:54+00:00\",\"breadcrumb\":{\"@id\":\"https:\/\/balsetdansesdautrefois.fr\/index.php\/event\/orleans-en-fete-2023\/#breadcrumb\"},\"inLanguage\":\"fr-FR\",\"potentialAction\":[{\"@type\":\"ReadAction\",\"target\":[\"https:\/\/balsetdansesdautrefois.fr\/index.php\/event\/orleans-en-fete-2023\/\"]}]},{\"@type\":\"BreadcrumbList\",\"@id\":\"https:\/\/balsetdansesdautrefois.fr\/index.php\/event\/orleans-en-fete-2023\/#breadcrumb\",\"itemListElement\":[{\"@type\":\"ListItem\",\"position\":1,\"name\":\"Accueil\",\"item\":\"https:\/\/balsetdansesdautrefois.fr\/\"},{\"@type\":\"ListItem\",\"position\":2,\"name\":\"\u00c9v\u00e8nements\",\"item\":\"https:\/\/balsetdansesdautrefois.fr\/index.php\/events\/\"},{\"@type\":\"ListItem\",\"position\":3,\"name\":\"Orl\u00e9ans en f\u00eate 2023\"}]},{\"@type\":\"WebSite\",\"@id\":\"https:\/\/balsetdansesdautrefois.fr\/#website\",\"url\":\"https:\/\/balsetdansesdautrefois.fr\/\",\"name\":\"Bals et danses d&#039;autrefois ...\",\"description\":\"Association de danses historiques, situ\u00e9e \u00e0 Saint Jean de la Ruelle\",\"potentialAction\":[{\"@type\":\"SearchAction\",\"target\":{\"@type\":\"EntryPoint\",\"urlTemplate\":\"https:\/\/balsetdansesdautrefois.fr\/?s={search_term_string}\"},\"query-input\":{\"@type\":\"PropertyValueSpecification\",\"valueRequired\":true,\"valueName\":\"search_term_string\"}}],\"inLanguage\":\"fr-FR\"}]}<\/script>\n<!-- \/ Yoast SEO plugin. -->","yoast_head_json":{"title":"Orl\u00e9ans en f\u00eate 2023 - Bals et danses d&#039;autrefois ...","robots":{"index":"index","follow":"follow","max-snippet":"max-snippet:-1","max-image-preview":"max-image-preview:large","max-video-preview":"max-video-preview:-1"},"canonical":"https:\/\/balsetdansesdautrefois.fr\/index.php\/event\/orleans-en-fete-2023\/","og_locale":"fr_FR","og_type":"article","og_title":"Orl\u00e9ans en f\u00eate 2023 - Bals et danses d&#039;autrefois ...","og_description":"Le dimanche 10 septembre, quelques membres de \u00ab\u00a0Bals et Danses d &lsquo;Autrefois\u00a0\u00bb ont d\u00e9ambul\u00e9 dans Orl\u00e9ans en f\u00eate. De nombreux contacts ont \u00e9t\u00e9 pris avec les associations pr\u00e9sentes. Le premier cours d\u00e9couverte se d\u00e9roulera le[...]","og_url":"https:\/\/balsetdansesdautrefois.fr\/index.php\/event\/orleans-en-fete-2023\/","og_site_name":"Bals et danses d&#039;autrefois ...","twitter_card":"summary_large_image","schema":{"@context":"https:\/\/schema.org","@graph":[{"@type":"WebPage","@id":"https:\/\/balsetdansesdautrefois.fr\/index.php\/event\/orleans-en-fete-2023\/","url":"https:\/\/balsetdansesdautrefois.fr\/index.php\/event\/orleans-en-fete-2023\/","name":"Orl\u00e9ans en f\u00eate 2023 - Bals et danses d&#039;autrefois ...","isPartOf":{"@id":"https:\/\/balsetdansesdautrefois.fr\/#website"},"datePublished":"2023-09-12T12:45:54+00:00","breadcrumb":{"@id":"https:\/\/balsetdansesdautrefois.fr\/index.php\/event\/orleans-en-fete-2023\/#breadcrumb"},"inLanguage":"fr-FR","potentialAction":[{"@type":"ReadAction","target":["https:\/\/balsetdansesdautrefois.fr\/index.php\/event\/orleans-en-fete-2023\/"]}]},{"@type":"BreadcrumbList","@id":"https:\/\/balsetdansesdautrefois.fr\/index.php\/event\/orleans-en-fete-2023\/#breadcrumb","itemListElement":[{"@type":"ListItem","position":1,"name":"Accueil","item":"https:\/\/balsetdansesdautrefois.fr\/"},{"@type":"ListItem","position":2,"name":"\u00c9v\u00e8nements","item":"https:\/\/balsetdansesdautrefois.fr\/index.php\/events\/"},{"@type":"ListItem","position":3,"name":"Orl\u00e9ans en f\u00eate 2023"}]},{"@type":"WebSite","@id":"https:\/\/balsetdansesdautrefois.fr\/#website","url":"https:\/\/balsetdansesdautrefois.fr\/","name":"Bals et danses d&#039;autrefois ...","description":"Association de danses historiques, situ\u00e9e \u00e0 Saint Jean de la Ruelle","potentialAction":[{"@type":"SearchAction","target":{"@type":"EntryPoint","urlTemplate":"https:\/\/balsetdansesdautrefois.fr\/?s={search_term_string}"},"query-input":{"@type":"PropertyValueSpecification","valueRequired":true,"valueName":"search_term_string"}}],"inLanguage":"fr-FR"}]}},"_links":{"self":[{"href":"https:\/\/balsetdansesdautrefois.fr\/index.php\/wp-json\/wp\/v2\/tribe_events\/2293","targetHints":{"allow":["GET"]}}],"collection":[{"href":"https:\/\/balsetdansesdautrefois.fr\/index.php\/wp-json\/wp\/v2\/tribe_events"}],"about":[{"href":"https:\/\/balsetdansesdautrefois.fr\/index.php\/wp-json\/wp\/v2\/types\/tribe_events"}],"author":[{"embeddable":true,"href":"https:\/\/balsetdansesdautrefois.fr\/index.php\/wp-json\/wp\/v2\/users\/3"}],"version-history":[{"count":1,"href":"https:\/\/balsetdansesdautrefois.fr\/index.php\/wp-json\/wp\/v2\/tribe_events\/2293\/revisions"}],"predecessor-version":[{"id":2294,"href":"https:\/\/balsetdansesdautrefois.fr\/index.php\/wp-json\/wp\/v2\/tribe_events\/2293\/revisions\/2294"}],"wp:attachment":[{"href":"https:\/\/balsetdansesdautrefois.fr\/index.php\/wp-json\/wp\/v2\/media?parent=2293"}],"wp:term":[{"taxonomy":"post_tag","embeddable":true,"href":"https:\/\/balsetdansesdautrefois.fr\/index.php\/wp-json\/wp\/v2\/tags?post=2293"},{"taxonomy":"tribe_events_cat","embeddable":true,"href":"https:\/\/balsetdansesdautrefois.fr\/index.php\/wp-json\/wp\/v2\/tribe_events_cat?post=2293"}],"curies":[{"name":"wp","href":"https:\/\/api.w.org\/{rel}","templated":true}]}}